{"id":1658,"date":"2019-10-30T10:35:34","date_gmt":"2019-10-30T08:35:34","guid":{"rendered":"http:\/\/drlind.ro\/educatie\/?page_id=1658"},"modified":"2024-06-10T17:56:05","modified_gmt":"2024-06-10T15:56:05","slug":"istoric","status":"publish","type":"page","link":"https:\/\/drlind.ro\/educatie\/despre-noi\/istoric\/","title":{"rendered":"Istoricul \u0219colii"},"content":{"rendered":"<p>[vc_row][vc_column][vc_column_text]<\/p>\n<h2 style=\"text-align: center;\"><strong>ISTORICUL \u0218COLII<\/strong><\/h2>\n<div id=\"gtx-trans\" style=\"position: absolute; left: 246px; top: 38.3333px;\">\n<div class=\"gtx-trans-icon\"><\/div>\n<\/div>\n<p>[\/vc_column_text][\/vc_column][\/vc_row][vc_row][vc_column][vc_column_text]Liceul Teoretic \u201eDr. Lind\u201d asigur\u0103 o educa\u0163ie cre\u015ftin\u0103 de calitate \u015fi\u00a0 \u00eenv\u0103\u0163\u0103m\u00e2nt de la gr\u0103dini\u0163\u0103 p\u00e2n\u0103 la liceu.<\/p>\n<p>Aceast\u0103 \u015fcoal\u0103 \u00ee\u015fi are \u00eenceputul \u00een anul 2001, c\u00e2nd a primit autoriza\u0163ia de func\u0163ionare din partea Inspectoratului \u015ecolar Jude\u0163ean Mure\u015f pentru ciclul primar. Ea\u00a0 s-a \u00eenfiin\u0163at ca urmare a efortului realizat de Centrul de S\u0103n\u0103tate \u015fi Medicin\u0103 Preventiv\u0103 Herghelia de a asigura un \u00eenv\u0103\u0163\u0103m\u00e2nt de calitate care s\u0103 contribuie la o dezvoltare echilibrat\u0103 a copiilor din aceast\u0103 zon\u0103 rural\u0103. Acest efort a fost apreciat \u00een mod deosebit de o familie de pacien\u0163i veni\u0163i, din SUA, la tratament \u2013 Dr. Andrew \u015fi Edith Lind. Dat fiind debutul modest al \u015fcolii \u015fi accesul oarecum anevoios, mai ales pe timp de iarn\u0103, d\u00e2n\u015fii au hot\u0103r\u00e2t s\u0103 sponsorizeze construc\u0163ia unei \u015fcoli tot \u00een aceast\u0103 zon\u0103 rural\u0103, dar cu o loca\u0163ie care s\u0103 asigure un acces u\u015for precum \u015fi posibilit\u0103\u0163i de dezvoltare. Astfel s-a construit o \u015fcoal\u0103 \u00een satul C\u00e2mpeni\u0163a, com. Ceua\u015fu de C\u00e2mpie, care a fost dat\u0103 \u00een folosin\u0163\u0103 \u00een septembrie 2004.<\/p>\n<p>Tot \u00een vara anului 2004 s-a \u00eenfiin\u0163at filiala Mure\u015f a Asocia\u0163iei \u201dEduca\u0163ie pentru o via\u0163\u0103 s\u0103n\u0103toas\u0103\u201d din Harghita. Aceast\u0103 asocia\u0163ie avea \u00eenfiin\u0163at\u0103 \u015ecoala General\u0103 cl. I-VIII, \u201eMuntele de Foc\u201d Hagota, \u015fcoal\u0103 care a fost mutat\u0103 \u00een cl\u0103direa nou\u0103 din C\u00e2mpeni\u0163a \u015fi\u00a0 a asimilat\u00a0 elevii \u015fcolii Centrului de S\u0103n\u0103tate \u015fi Medicin\u0103 Preventiv\u0103, din Herghelia.<\/p>\n<p>\u00cen vara anului 2007, \u015fcoala prime\u015fte autoriza\u0163ia de \u00eencredere pentru liceu prin Ordinul Ministerului Educa\u0163iei, Cercet\u0103rii \u015fi Tineretului nr. 1683\/02.08.2007 \u00een urma evalu\u0103rii realizate de Agen\u0163ia Rom\u00e2n\u0103 de Asigurare a Calit\u0103\u0163ii Inv\u0103\u0163\u0103m\u00e2ntului Preuniversitar. \u00cencep\u00e2nd cu anul \u015fcolar 2007-2008, Liceul Teoretic \u201eMuntele de Foc\u201d asigur\u0103 educa\u0163ie elevilor de liceu, \u00een cadrul specializ\u0103rii <em>\u015ftiin\u0163ele naturii<\/em>.<\/p>\n<p>\u00cen luna decembrie a anului 2010, liceul prime\u015fte acreditarea pentru nivelurile de \u00eenv\u0103\u0163\u0103m\u00e2nt \u201eprimar\u201d \u015fi \u201egimnazial\u201d prin\u00a0 Ordinul Ministerului Educa\u0163iei, Cercet\u0103rii \u015fi Tineretului \u015fi sportului nr. 5925\/28.12.2010\u00a0 \u00een urma evalu\u0103rii realizate de Agen\u0163ia Rom\u00e2n\u0103 de Asigurare a Calit\u0103\u0163ii Inv\u0103\u0163\u0103m\u00e2ntului Preuniversitar.<\/p>\n<p>\u00cen anul \u015fcolar 2011-2012 Liceul Teoretic \u201eMuntele de Foc\u201d \u00ee\u015fi schimb\u0103 denumirea \u00een Liceul Teoretic \u201eDr. Lind\u201d, \u00een urma deciziei\u00a0 Consiliului de Administra\u0163ie, aprobat\u0103 de Consiliul Local, Ceua\u0219u de C\u00e2mpie, prin hot\u0103r\u00e2rea nr.13 din 29.03.2012.<\/p>\n<p>\u00cen vara anului 2012,\u00a0 Liceul Teoretic \u201eDr. Lind\u201d prime\u015fte autoriza\u0163ia de \u00eencredere pentru nivelul liceal, specializarea <em>\u015ftiin\u0163e sociale<\/em>, prin Ordinul Ministerului Educa\u021biei, Cercet\u0103rii, Tineretului \u0219i Sportului nr. 5844\/26.09.2012.<\/p>\n<p>\u00cen anul 2014, liceul prime\u0219te acreditarea pentru nivelul de \u00eenv\u0103\u021b\u0103m\u00e2nt liceal, profilul real, specializarea <em>\u0219tiin\u021be ale naturii<\/em>, forma de \u00eenv\u0103\u021b\u0103m\u00e2nt cu frecven\u021b\u0103 zi, prin OMEN nr.4507 \/02.09.2014.<\/p>\n<p>Din 2001 \u015fi p\u00e2n\u0103 \u00een prezent cifra de \u015fcolarizare a crescut\u00a0 continuu, ajung\u00e2nd la 154 de\u00a0 elevi.[\/vc_column_text][\/vc_column][\/vc_row]<\/p>\n","protected":false},"excerpt":{"rendered":"<p>[vc_row][vc_column][vc_column_text] ISTORICUL \u0218COLII [\/vc_column_text][\/vc_column][\/vc_row][vc_row][vc_column][vc_column_text]Liceul Teoretic \u201eDr. Lind\u201d asigur\u0103 o educa\u0163ie cre\u015ftin\u0103 de calitate \u015fi\u00a0 \u00eenv\u0103\u0163\u0103m\u00e2nt de la gr\u0103dini\u0163\u0103 p\u00e2n\u0103 la liceu. Aceast\u0103 \u015fcoal\u0103 \u00ee\u015fi are \u00eenceputul \u00een anul 2001, c\u00e2nd a primit autoriza\u0163ia de func\u0163ionare din partea Inspectoratului \u015ecolar Jude\u0163ean Mure\u015f pentru ciclul primar. Ea\u00a0 s-a \u00eenfiin\u0163at ca urmare a efortului realizat de Centrul de S\u0103n\u0103tate \u015fi Medicin\u0103 Preventiv\u0103 Herghelia&nbsp;<a href=\"https:\/\/drlind.ro\/educatie\/despre-noi\/istoric\/\">[&hellip;]<\/a><\/p>\n","protected":false},"author":1,"featured_media":0,"parent":584,"menu_order":0,"comment_status":"closed","ping_status":"closed","template":"template-sidebar-left-childpages.php","meta":{"footnotes":""},"class_list":["post-1658","page","type-page","status-publish","hentry"],"_links":{"self":[{"href":"https:\/\/drlind.ro\/educatie\/wp-json\/wp\/v2\/pages\/1658","targetHints":{"allow":["GET"]}}],"collection":[{"href":"https:\/\/drlind.ro\/educatie\/wp-json\/wp\/v2\/pages"}],"about":[{"href":"https:\/\/drlind.ro\/educatie\/wp-json\/wp\/v2\/types\/page"}],"author":[{"embeddable":true,"href":"https:\/\/drlind.ro\/educatie\/wp-json\/wp\/v2\/users\/1"}],"replies":[{"embeddable":true,"href":"https:\/\/drlind.ro\/educatie\/wp-json\/wp\/v2\/comments?post=1658"}],"version-history":[{"count":8,"href":"https:\/\/drlind.ro\/educatie\/wp-json\/wp\/v2\/pages\/1658\/revisions"}],"predecessor-version":[{"id":2411,"href":"https:\/\/drlind.ro\/educatie\/wp-json\/wp\/v2\/pages\/1658\/revisions\/2411"}],"up":[{"embeddable":true,"href":"https:\/\/drlind.ro\/educatie\/wp-json\/wp\/v2\/pages\/584"}],"wp:attachment":[{"href":"https:\/\/drlind.ro\/educatie\/wp-json\/wp\/v2\/media?parent=1658"}],"curies":[{"name":"wp","href":"https:\/\/api.w.org\/{rel}","templated":true}]}}